{"id":4355,"date":"2022-11-16T00:29:44","date_gmt":"2022-11-16T05:29:44","guid":{"rendered":"https:\/\/campusvirtual.unicatolica.edu.co\/profesores\/?page_id=4355"},"modified":"2022-11-25T08:16:02","modified_gmt":"2022-11-25T13:16:02","slug":"profetic2022","status":"publish","type":"page","link":"https:\/\/campusvirtual.unicatolica.edu.co\/profesores\/profetic2022\/","title":{"rendered":"El profe TIC 2022 &#8211; 6\u00aa Versi\u00f3n"},"content":{"rendered":"<p>[vc_row full_width=&#8221;stretch_row_content_no_spaces&#8221; css=&#8221;.vc_custom_1636969386125{margin-top: -80px !important;}&#8221;][vc_column][vc_single_image image=&#8221;4357&#8243; img_size=&#8221;full&#8221; alignment=&#8221;center&#8221; css_animation=&#8221;fadeIn&#8221;][\/vc_column][\/vc_row][vc_row full_width=&#8221;stretch_row_content_no_spaces&#8221;][vc_column][vc_empty_space][\/vc_column][\/vc_row][vc_row][vc_column]<div id=\"cz_87380\" class=\"cz_87380 cz_title clr cz_title_pos_inline tac\"><div class=\"cz_title_content\"><div class=\"cz_wpe_content\"><p style=\"text-align: center; line-height: 1;\"><span style=\"color: #b51aac; font-size: 30px;\">Concurso<\/span><br \/>\n<strong><span style=\"font-size: 40px; color: #071221;\">El profe TIC<\/span><\/strong><\/p>\n<\/div><\/div><\/div><div class=\"cz_gap clr \" style=\"height: 20px\"><\/div>[vc_column_text css_animation=&#8221;bounceInLeft&#8221;]<\/p>\n<p style=\"text-align: justify;\">La Direcci\u00f3n de educaci\u00f3n mediada por TIC adscrita a la Vicerrector\u00eda Acad\u00e9mica, invita a todos los profes de UNICAT\u00d3LICA a participar en el concurso El <span style=\"color: #0045a0;\"><strong>Profe TIC<\/strong><\/span>, postulando sus aulas virtuales de acuerdo a los lineamientos institucionales<\/p>\n<p style=\"text-align: justify;\">El <strong><span style=\"color: #0045a0;\">Profe TIC<\/span><\/strong>, en su sexta versi\u00f3n <span style=\"color: #0045a0;\"><strong>2022<\/strong><\/span>, reconoce y exalta los esfuerzos e iniciativas con mediaci\u00f3n de las TIC, de todos los profesores que han enfrentado la pandemia de manera retadora, innovadora y haciendo de las TIC sus principales aliadas, incluyendo el proceso de institucionalizaci\u00f3n de las aulas virtuales.<\/p>\n<p style=\"text-align: justify;\">Los docentes ganadores de los tres primeros lugares, recibir\u00e1n premios tecnol\u00f3gicos y diploma de reconocimiento institucional.<\/p>\n<p>[\/vc_column_text][\/vc_column][\/vc_row][vc_row full_width=&#8221;stretch_row&#8221; css=&#8221;.vc_custom_1605334221030{background-color: #ededed !important;}&#8221;][vc_column]<div class=\"cz_gap clr \" style=\"height: 50px\"><\/div>[vc_single_image image=&#8221;2806&#8243; img_size=&#8221;full&#8221; alignment=&#8221;center&#8221; css_animation=&#8221;slideInUp&#8221;][vc_column_text css_animation=&#8221;bounceInLeft&#8221; css=&#8221;.vc_custom_1668577902253{margin-bottom: -10px !important;}&#8221;]<\/p>\n<p style=\"text-align: center;\">El concurso cuenta con la categor\u00eda:<\/p>\n<p>[\/vc_column_text][vc_column_text css_animation=&#8221;fadeInLeft&#8221;]<\/p>\n<h3 style=\"text-align: center;\"><strong><span style=\"color: #0045a0;\">Aulas virtuales institucionales como apoyo a experiencias significativa<\/span><\/strong><\/h3>\n<p>[\/vc_column_text][vc_column_text css_animation=&#8221;bounceInLeft&#8221;]<\/p>\n<p style=\"text-align: justify;\">Se premiar\u00e1 al docente que haya producido la mejor aula virtual que cumpla con los lineamientos institucionales, en el marco de una experiencia significativa para su asignatura.<\/p>\n<p style=\"text-align: left;\"><strong><span style=\"color: #0045a0;\">Aspectos a tener en cuenta de la institucionalizaci\u00f3n de aulas virtuales:<\/span><\/strong><\/p>\n<ul>\n<li style=\"text-align: justify;\"><strong><span style=\"color: #0045a0;\">Uso y aprovechamiento del EVA, Moodle<\/span><\/strong>, bajo la producci\u00f3n de un espacio que congregue y promueva la interacci\u00f3n entre los estudiantes, el trabajo independiente, colaborativo, cumpla los objetivos pedag\u00f3gicos de la labor docente en el aula, realzando las posibilidades de las TIC en la educaci\u00f3n, un aula virtual que muestre dedicaci\u00f3n, trabajo e iniciativas creativas desde su campo de conocimiento.<\/li>\n<li style=\"text-align: justify;\">Apropiaci\u00f3n de los <strong><span style=\"color: #0045a0;\">lineamientos tecnol\u00f3gicos<\/span><\/strong> institucionales en el aula virtual: uso de las posibilidades tecnol\u00f3gicas de Moodle en cuanto a sus recursos y actividades. La incorporaci\u00f3n de recursos al aula y el manejo de la misma.<\/li>\n<li style=\"text-align: justify;\">Apropiaci\u00f3n de los <strong><span style=\"color: #0045a0;\">lineamientos comunicativos<\/span><\/strong> institucionales en el aula virtual, propiciando espacios y momentos de di\u00e1logo, interacci\u00f3n y aprendizaje.<\/li>\n<li style=\"text-align: justify;\">Apropiaci\u00f3n de los <span style=\"color: #0045a0;\"><strong>lineamientos gr\u00e1ficos<\/strong><\/span> institucionales en el aula virtual; aulas en mosaicos, estructuradas por unidades did\u00e1cticas, con los identificativos visuales y estructuraci\u00f3n correspondiente en cuanto al dise\u00f1o y estructuraci\u00f3n de la informaci\u00f3n contenida en el aula (T\u00edtulo del curso, tarjeta de presentaci\u00f3n docente, uso del banco de etiquetas y Genti).<\/li>\n<li style=\"text-align: justify;\">No se evaluar\u00e1 la labor pedag\u00f3gica del docente en el aula, respetando su autonom\u00eda, sin embargo, se valorar\u00e1n las iniciativas b\u00e1sicas de los <span style=\"color: #0045a0;\"><strong>lineamientos pedag\u00f3gicos<\/strong><\/span>.<\/li>\n<\/ul>\n<p>Para recordar la institucionalizaci\u00f3n de las aulas visite: <a href=\"https:\/\/campusvirtual.unicatolica.edu.co\/docentes\/institucionalizacion\/\" target=\"_blank\" rel=\"noopener\">https:\/\/campusvirtual.unicatolica.edu.co\/docentes\/institucionalizacion\/<\/a>[\/vc_column_text]<div class=\"cz_gap clr \" style=\"height: 50px\"><\/div>[\/vc_column][\/vc_row][vc_row][vc_column]<div class=\"cz_gap clr \" style=\"height: 50px\"><\/div>[vc_single_image image=&#8221;2805&#8243; img_size=&#8221;full&#8221; alignment=&#8221;center&#8221; css_animation=&#8221;flipInX&#8221;][vc_column_text css_animation=&#8221;fadeInLeft&#8221;]<\/p>\n<p style=\"text-align: justify;\"><span style=\"color: #0777b8;\"><strong>PASO 1:<\/strong><\/span><\/p>\n<p style=\"text-align: justify;\">El profesor deber\u00e1 escribir en el formulario, un texto de m\u00e1ximo dos p\u00e1rrafos en el cual, describa la experiencia significativa con el uso de su aula virtual.<\/p>\n<ul style=\"text-align: justify;\">\n<li>Describa cu\u00e1l fue su estrategia de ense\u00f1anza con uso de aula virtual, que implement\u00f3 en el 2022<\/li>\n<li>Qu\u00e9 fortalezas present\u00f3 su experiencia<\/li>\n<li>Qu\u00e9 medios digitales utiliz\u00f3 y cu\u00e1l fue el impacto general percibido en sus estudiantes<\/li>\n<\/ul>\n<p style=\"text-align: justify;\"><strong><span style=\"color: #0777b8;\">PASO 2:<\/span><\/strong><\/p>\n<p style=\"text-align: justify;\">Llenar el formulario de inscripci\u00f3n donde referencie sus datos personales, debe enlazar el Link de su aula virtual en el EVA Moodle. Tambi\u00e9n puede adjuntar otras evidencias como capturas de pantalla, entre otros elementos.<\/p>\n<p>[\/vc_column_text][vc_column_text css_animation=&#8221;fadeInLeft&#8221;]<\/p>\n<p style=\"text-align: justify;\"><span style=\"color: #0777b8;\"><strong>Aspectos a tener en cuenta:<\/strong><\/span><\/p>\n<ul>\n<li style=\"text-align: justify;\">Para concursar es obligatorio que su experiencia incluya el uso del EVA institucional. En el formulario deber\u00e1 referenciar el aula virtual que utiliz\u00f3 como apoyo a su estrategia.<\/li>\n<li style=\"text-align: justify;\">Esta experiencia busca conocer el aprendizaje significativo, su capacidad innovadora y su propuesta con los estudiantes espec\u00edficamente desde el uso del EVA y c\u00f3mo estas mediaciones aportaron al aprendizaje.<\/li>\n<\/ul>\n<p>[\/vc_column_text][vc_btn title=&#8221;Formulario de inscripci\u00f3n&#8221; style=&#8221;3d&#8221; color=&#8221;violet&#8221; size=&#8221;lg&#8221; align=&#8221;center&#8221; i_icon_fontawesome=&#8221;&#8221; button_block=&#8221;true&#8221; add_icon=&#8221;true&#8221; link=&#8221;url:https%3A%2F%2Fforms.gle%2F2UkgAE1rQqUgMUN76|title:Formulario%20de%20inscripci%C3%B3n|target:_blank&#8221;][\/vc_column][\/vc_row][vc_row full_width=&#8221;stretch_row&#8221; css=&#8221;.vc_custom_1605333880686{background-color: #efefef !important;}&#8221;][vc_column]<div class=\"cz_gap clr \" style=\"height: 50px\"><\/div>[vc_single_image image=&#8221;2804&#8243; img_size=&#8221;full&#8221; alignment=&#8221;center&#8221; css_animation=&#8221;flipInY&#8221;][vc_column_text css_animation=&#8221;fadeIn&#8221;]<\/p>\n<p style=\"text-align: justify;\">Los profesores podr\u00e1n postularse desde el <span style=\"color: #0967ab;\"><strong>15 DE NOVIEMBRE<\/strong><\/span> hasta el <span style=\"color: #0967ab;\"><strong>3 de DICIEMBRE de 2022<\/strong><\/span><\/p>\n<p style=\"text-align: justify;\">El\u00a0acto de premiaci\u00f3n as\u00ed como\u00a0el\u00a0nombre de los ganadores del concurso, en cada uno de los puestos, se llevar\u00e1 a cabo en la\u00a0<strong><span style=\"color: #0045a0;\">inducci\u00f3n docente del a\u00f1o 2023<\/span><\/strong>\u00a0y ser\u00e1 en este contexto que se entreguen los premios tecnol\u00f3gicos y sus respectivos reconocimientos.<\/p>\n<p>[\/vc_column_text][\/vc_column][\/vc_row][vc_row][vc_column][vc_column_text css_animation=&#8221;fadeInLeft&#8221;]<\/p>\n<h4 style=\"text-align: justify;\"><span style=\"color: #b51aac;\"><strong>BASES DEL CONCURSO<\/strong><\/span><\/h4>\n<ul>\n<li style=\"text-align: justify;\">Los profesores pueden participar hasta con 2 experiencias<\/li>\n<li style=\"text-align: justify;\">Los profesores ganadores de las ediciones anteriores del PROFE TIC podr\u00e1n participar, siempre y cuando su aula virtual y su experiencia con mediaci\u00f3n de TIC sea diferente a los t\u00f3picos con los cuales ganaron en pasadas ocasiones.<\/li>\n<li style=\"text-align: justify;\">Iniciativas postuladas por fuera del tiempo de la convocatoria, no ser\u00e1n tenidas en cuenta. Igualmente, deben cumplirse a cabalidad los requisitos contenidos en las bases del concurso.<\/li>\n<li style=\"text-align: justify;\">El premio es personal e intransferible, y este solo se entregar\u00e1 al profesor ganador. La entrega de los premios podr\u00eda ser virtual y la metodolog\u00eda de entrega o env\u00edo de premios se definir\u00e1 de acuerdo con el contexto de emergencia sanitaria.<\/li>\n<li style=\"text-align: justify;\">La participaci\u00f3n en el Concurso implica la aceptaci\u00f3n de estas Bases y otorga el derecho a los organizadores a publicar y divulgar con fines acad\u00e9micos e institucionales, en cualquier medio, sin fines de lucro, los resultados de la convocatoria, los participantes y sus iniciativas concretas.<\/li>\n<li style=\"text-align: justify;\">Las categor\u00edas del concurso podr\u00e1n declararse desiertas si no se cumple con la calidad esperada o con los lineamientos de evaluaci\u00f3n.<\/li>\n<li style=\"text-align: justify;\">Los premios otorgados no podr\u00e1n ser cambiados por dinero en efectivo.<\/li>\n<\/ul>\n<p>[\/vc_column_text][\/vc_column][\/vc_row][vc_row][vc_column][vc_empty_space height=&#8221;22px&#8221;][vc_column_text css_animation=&#8221;fadeIn&#8221;]<\/p>\n<h4><strong>FALLO DEL JURADO:<\/strong><\/h4>\n<ul>\n<li style=\"text-align: justify;\">El\u00a0jurado est\u00e1 conformado por un equipo de personas profesionales en\u00a0el\u00a0\u00c1rea de las Tecnolog\u00edas de la Informaci\u00f3n y la Comunicaci\u00f3n. Se llevar\u00e1 a cabo en dos procesos:<\/li>\n<\/ul>\n<ol style=\"text-align: justify;\">\n<li>La Direcci\u00f3n de Educaci\u00f3n Mediada por TIC\u00a0preselecionar\u00e1 LOS CASOS que cumplan con los criterios b\u00e1sicos y ser\u00e1n enviadas a un jurado externo.<\/li>\n<li>Un jurado externo ser\u00e1\u00a0el\u00a0encargado de evaluar la preselecci\u00f3n de LOS CASOS POSTULADOS,\u00a0el\u00a0cual nombrar\u00e1 los ganadores y menciones especiales.<\/li>\n<\/ol>\n<ul>\n<li style=\"text-align: justify;\">Los nombres del jurado no ser\u00e1n revelados en\u00a0el\u00a0material promocional del Concurso antes de la premiaci\u00f3n y su fallo ser\u00e1 inapelable.<\/li>\n<\/ul>\n<p>[\/vc_column_text][\/vc_column][\/vc_row][vc_row][vc_column][vc_message color=&#8221;warning&#8221; message_box_style=&#8221;3d&#8221; message_box_color=&#8221;warning&#8221; icon_fontawesome=&#8221;fas fa-exclamation-triangle&#8221; css_animation=&#8221;fadeInDown&#8221;]<\/p>\n<h5><b><span style=\"color: #ff9900;\">Protecci\u00f3n de datos personales.<\/span> <\/b><\/h5>\n<div style=\"text-align: justify;\">Los docentes participantes autorizan que sus datos personales sean incorporados a la base de datos del concurso, la cual tiene como responsable el \u00c1rea TIC, de la Fundaci\u00f3n Universitaria Cat\u00f3lica Lumen Getium UNICAT\u00d3LICA. Los datos ser\u00e1n utilizados para gestionar este concurso, ser\u00e1n tratados confidencialmente y de conformidad con la Ley Habeas Data 1266 de 2008 de Protecci\u00f3n de Datos de Car\u00e1cter Personal y su normativa de desarrollo.<\/div>\n<p>[\/vc_message][\/vc_column][\/vc_row]<\/p>\n","protected":false},"excerpt":{"rendered":"<p>[vc_row full_width=&#8221;stretch_row_content_no_spaces&#8221; css=&#8221;.vc_custom_1636969386125{margin-top: -80px !important;}&#8221;][vc_column][vc_single_image image=&#8221;4357&#8243; img_size=&#8221;full&#8221; alignment=&#8221;center&#8221; css_animation=&#8221;fadeIn&#8221;][\/vc_column][\/vc_row][vc_row full_width=&#8221;stretch_row_content_no_spaces&#8221;][vc_column][vc_empty_space][\/vc_column][\/vc_row][vc_row][vc_column][vc_column_text css_animation=&#8221;bounceInLeft&#8221;] &#8230; <\/p>\n","protected":false},"author":1,"featured_media":0,"parent":0,"menu_order":0,"comment_status":"closed","ping_status":"closed","template":"","meta":{"footnotes":""},"class_list":["post-4355","page","type-page","status-publish","hentry"],"_links":{"self":[{"href":"https:\/\/campusvirtual.unicatolica.edu.co\/profesores\/wp-json\/wp\/v2\/pages\/4355"}],"collection":[{"href":"https:\/\/campusvirtual.unicatolica.edu.co\/profesores\/wp-json\/wp\/v2\/pages"}],"about":[{"href":"https:\/\/campusvirtual.unicatolica.edu.co\/profesores\/wp-json\/wp\/v2\/types\/page"}],"author":[{"embeddable":true,"href":"https:\/\/campusvirtual.unicatolica.edu.co\/profesores\/wp-json\/wp\/v2\/users\/1"}],"replies":[{"embeddable":true,"href":"https:\/\/campusvirtual.unicatolica.edu.co\/profesores\/wp-json\/wp\/v2\/comments?post=4355"}],"version-history":[{"count":17,"href":"https:\/\/campusvirtual.unicatolica.edu.co\/profesores\/wp-json\/wp\/v2\/pages\/4355\/revisions"}],"predecessor-version":[{"id":4374,"href":"https:\/\/campusvirtual.unicatolica.edu.co\/profesores\/wp-json\/wp\/v2\/pages\/4355\/revisions\/4374"}],"wp:attachment":[{"href":"https:\/\/campusvirtual.unicatolica.edu.co\/profesores\/wp-json\/wp\/v2\/media?parent=4355"}],"curies":[{"name":"wp","href":"https:\/\/api.w.org\/{rel}","templated":true}]}}